{"id":22678,"date":"2024-02-02T12:08:00","date_gmt":"2024-02-02T12:08:00","guid":{"rendered":"https:\/\/tlc.eu\/projects\/%project_category%\/tas-modular-stairs-in-gorlice-poland\/"},"modified":"2025-09-30T10:16:28","modified_gmt":"2025-09-30T10:16:28","slug":"tas-modultreppen-in-gorlice-polen","status":"publish","type":"projects","link":"https:\/\/tlc.eu\/de\/projekte\/mobile-sicherheitssystem-fur-baustellen\/tas-modultreppen-in-gorlice-polen\/","title":{"rendered":"TAS-Modultreppen in Gorlice\/Polen"},"content":{"rendered":"\n<p>Die zweite Expansionsphase des G\u00f3r-Stal Produktionswerks in Gorlice ist im Gange. TLC lieferte <strong><a href=\"https:\/\/tlc.eu\/produktkategorie\/temporare-treppen-und-treppenanlagen\/\">TAS-Treppen<\/a><\/strong> zur Baustelle.<\/p>\n\n\n\n<p>Die <strong><a href=\"https:\/\/tlc.eu\/de\/products\/tas-treppen-aus-stahl\/\">TAS-Mobiltreppen<\/a><\/strong> in Gorlice sind 10 m hoch und bestehen aus 4 Modulen und Treppen: 18 und 12 Stufen.<\/p>\n\n\n\n<p>Die <strong><a href=\"https:\/\/tlc.eu\/de\/products\/temporaere-tas-treppe\/\">TAS-Treppen<\/a><\/strong> haben eine modulare Bauweise, die eine gro\u00dfe Anzahl verf\u00fcgbarer H\u00f6hen erm\u00f6glicht.<\/p>\n\n\n\n<p>Die TLC-Produkte sind darauf ausgelegt, die Sicherheit w\u00e4hrend aller <\/p>\n\n\n\n<p>Bauarbeiten zu unterst\u00fctzen.<\/p>\n\n\n\n<ul class=\"wp-block-list\">\n<li><a href=\"https:\/\/tlc.eu\/de\/products\/tup-verladebuehne\/\"><strong>Verladeplattform<\/strong><\/a><\/li>\n\n\n\n<li><a href=\"\/de?product-filters=temporary-fences-and-barriers-de\"><strong>Temporary Fencing<\/strong><\/a><\/li>\n\n\n\n<li><a href=\"\/de?product-filters=temporary-stairs-and-staircases-de\"><strong>Access System<\/strong><\/a><\/li>\n\n\n\n<li><a href=\"\/de?product-filters=eps-edge-protection-system\"><strong>EPS-Randsicherungssyste<\/strong><\/a><strong><a href=\"https:\/\/tlc.eu\/de\/products\/eps-randsicherungssystem\/\">m<\/a><\/strong><\/li>\n<\/ul>\n\n\n\n<p><strong><a href=\"https:\/\/tlc.eu\/de\/kontakt\/\">Kontaktieren Sie uns.<\/a><\/strong><\/p>\n\n\n<section data-block_4bd1ad75da756233170e7edfcecd81b2 class=\"section image-carousel aligncenter\">\n  <div class=\"image-carousel__container w-full\">\n          <div class=\"image-carousel__wrapper relative\">\n                  <h2 class=\"image-carousel__heading h2 mb-[4.8rem] tablet:mb-[10rem]\">Galerie<\/h2>\n                <div class=\"image-carousel__slider swiper swiper-container select-none\">\n          <image-carousel :items=\"[{&quot;image&quot;:{&quot;ID&quot;:18458,&quot;id&quot;:18458,&quot;title&quot;:&quot;tlc-projekt-tas-modultreppen-in-gorlice-polen-web-7&quot;,&quot;filename&quot;:&quot;tas-klatki-schodowe-gorlice-www-7.png&quot;,&quot;filesize&quot;:2539656,&quot;url&quot;:&quot;https:\\\/\\\/tlc.eu\\\/app\\\/uploads\\\/2024\\\/12\\\/tas-klatki-schodowe-gorlice-www-7.png&quot;,&quot;link&quot;:&quot;https:\\\/\\\/tlc.eu\\\/de\\\/projekte\\\/mobile-sicherheitssystem-fur-baustellen\\\/tas-modultreppen-in-gorlice-polen\\\/tas-klatki-schodowe-gorlice-www-7-2\\\/&quot;,&quot;alt&quot;:&quot;&quot;,&quot;author&quot;:&quot;4&quot;,&quot;description&quot;:&quot;&quot;,&quot;caption&quot;:&quot;&quot;,&quot;name&quot;:&quot;tas-klatki-schodowe-gorlice-www-7-2&quot;,&quot;status&quot;:&quot;inherit&quot;,&quot;uploaded_to&quot;:22678,&quot;date&quot;:&quot;2024-12-12 12:08:21&quot;,&quot;modified&quot;:&quot;2025-09-29 11:32:59&quot;,&quot;menu_order&quot;:0,&quot;mime_type&quot;:&quot;image\\\/png&quot;,&quot;type&quot;:&quot;image&quot;,&quot;subtype&quot;:&quot;png&quot;,&quot;icon&quot;:&quot;https:\\\/\\\/tlc.eu\\\/wp\\\/wp-includes\\\/images\\\/media\\\/default.png&quot;,&quot;width&quot;:1084,&quot;height&quot;:1500,&quot;sizes&quot;:{&quot;thumbnail&quot;:&quot;https:\\\/\\\/tlc.eu\\\/app\\\/uploads\\\/2024\\\/12\\\/tas-klatki-schodowe-gorlice-www-7-150x150.png&quot;,&quot;thumbnail-width&quot;:150,&quot;thumbnail-height&quot;:150,&quot;medium&quot;:&quot;https:\\\/\\\/tlc.eu\\\/app\\\/uploads\\\/2024\\\/12\\\/tas-klatki-schodowe-gorlice-www-7-217x300.png&quot;,&quot;medium-width&quot;:217,&quot;medium-height&quot;:300,&quot;medium_large&quot;:&quot;https:\\\/\\\/tlc.eu\\\/app\\\/uploads\\\/2024\\\/12\\\/tas-klatki-schodowe-gorlice-www-7-768x1063.png&quot;,&quot;medium_large-width&quot;:768,&quot;medium_large-height&quot;:1063,&quot;large&quot;:&quot;https:\\\/\\\/tlc.eu\\\/app\\\/uploads\\\/2024\\\/12\\\/tas-klatki-schodowe-gorlice-www-7-740x1024.png&quot;,&quot;large-width&quot;:740,&quot;large-height&quot;:1024,&quot;menu-thumb&quot;:&quot;https:\\\/\\\/tlc.eu\\\/app\\\/uploads\\\/2024\\\/12\\\/tas-klatki-schodowe-gorlice-www-7.png&quot;,&quot;menu-thumb-width&quot;:100,&quot;menu-thumb-height&quot;:138}}},{&quot;image&quot;:{&quot;ID&quot;:18453,&quot;id&quot;:18453,&quot;title&quot;:&quot;tlc-projekt-tas-modultreppen-in-gorlice-polen-web-6&quot;,&quot;filename&quot;:&quot;tas-klatki-schodowe-gorlice-www-6.png&quot;,&quot;filesize&quot;:2551287,&quot;url&quot;:&quot;https:\\\/\\\/tlc.eu\\\/app\\\/uploads\\\/2024\\\/12\\\/tas-klatki-schodowe-gorlice-www-6.png&quot;,&quot;link&quot;:&quot;https:\\\/\\\/tlc.eu\\\/de\\\/projekte\\\/mobile-sicherheitssystem-fur-baustellen\\\/tas-modultreppen-in-gorlice-polen\\\/tas-klatki-schodowe-gorlice-www-6-2\\\/&quot;,&quot;alt&quot;:&quot;&quot;,&quot;author&quot;:&quot;4&quot;,&quot;description&quot;:&quot;&quot;,&quot;caption&quot;:&quot;&quot;,&quot;name&quot;:&quot;tas-klatki-schodowe-gorlice-www-6-2&quot;,&quot;status&quot;:&quot;inherit&quot;,&quot;uploaded_to&quot;:22678,&quot;date&quot;:&quot;2024-12-12 12:08:17&quot;,&quot;modified&quot;:&quot;2025-09-29 11:32:42&quot;,&quot;menu_order&quot;:0,&quot;mime_type&quot;:&quot;image\\\/png&quot;,&quot;type&quot;:&quot;image&quot;,&quot;subtype&quot;:&quot;png&quot;,&quot;icon&quot;:&quot;https:\\\/\\\/tlc.eu\\\/wp\\\/wp-includes\\\/images\\\/media\\\/default.png&quot;,&quot;width&quot;:1084,&quot;height&quot;:1500,&quot;sizes&quot;:{&quot;thumbnail&quot;:&quot;https:\\\/\\\/tlc.eu\\\/app\\\/uploads\\\/2024\\\/12\\\/tas-klatki-schodowe-gorlice-www-6-150x150.png&quot;,&quot;thumbnail-width&quot;:150,&quot;thumbnail-height&quot;:150,&quot;medium&quot;:&quot;https:\\\/\\\/tlc.eu\\\/app\\\/uploads\\\/2024\\\/12\\\/tas-klatki-schodowe-gorlice-www-6-217x300.png&quot;,&quot;medium-width&quot;:217,&quot;medium-height&quot;:300,&quot;medium_large&quot;:&quot;https:\\\/\\\/tlc.eu\\\/app\\\/uploads\\\/2024\\\/12\\\/tas-klatki-schodowe-gorlice-www-6-768x1063.png&quot;,&quot;medium_large-width&quot;:768,&quot;medium_large-height&quot;:1063,&quot;large&quot;:&quot;https:\\\/\\\/tlc.eu\\\/app\\\/uploads\\\/2024\\\/12\\\/tas-klatki-schodowe-gorlice-www-6-740x1024.png&quot;,&quot;large-width&quot;:740,&quot;large-height&quot;:1024,&quot;menu-thumb&quot;:&quot;https:\\\/\\\/tlc.eu\\\/app\\\/uploads\\\/2024\\\/12\\\/tas-klatki-schodowe-gorlice-www-6.png&quot;,&quot;menu-thumb-width&quot;:100,&quot;menu-thumb-height&quot;:138}}},{&quot;image&quot;:{&quot;ID&quot;:18448,&quot;id&quot;:18448,&quot;title&quot;:&quot;tlc-projekt-tas-modultreppen-in-gorlice-polen-web-5&quot;,&quot;filename&quot;:&quot;tas-klatki-schodowe-gorlice-www-5.png&quot;,&quot;filesize&quot;:2641869,&quot;url&quot;:&quot;https:\\\/\\\/tlc.eu\\\/app\\\/uploads\\\/2024\\\/12\\\/tas-klatki-schodowe-gorlice-www-5.png&quot;,&quot;link&quot;:&quot;https:\\\/\\\/tlc.eu\\\/de\\\/projekte\\\/mobile-sicherheitssystem-fur-baustellen\\\/tas-modultreppen-in-gorlice-polen\\\/tas-klatki-schodowe-gorlice-www-5-2\\\/&quot;,&quot;alt&quot;:&quot;&quot;,&quot;author&quot;:&quot;4&quot;,&quot;description&quot;:&quot;&quot;,&quot;caption&quot;:&quot;&quot;,&quot;name&quot;:&quot;tas-klatki-schodowe-gorlice-www-5-2&quot;,&quot;status&quot;:&quot;inherit&quot;,&quot;uploaded_to&quot;:22678,&quot;date&quot;:&quot;2024-12-12 12:08:14&quot;,&quot;modified&quot;:&quot;2025-09-29 11:32:24&quot;,&quot;menu_order&quot;:0,&quot;mime_type&quot;:&quot;image\\\/png&quot;,&quot;type&quot;:&quot;image&quot;,&quot;subtype&quot;:&quot;png&quot;,&quot;icon&quot;:&quot;https:\\\/\\\/tlc.eu\\\/wp\\\/wp-includes\\\/images\\\/media\\\/default.png&quot;,&quot;width&quot;:1084,&quot;height&quot;:1500,&quot;sizes&quot;:{&quot;thumbnail&quot;:&quot;https:\\\/\\\/tlc.eu\\\/app\\\/uploads\\\/2024\\\/12\\\/tas-klatki-schodowe-gorlice-www-5-150x150.png&quot;,&quot;thumbnail-width&quot;:150,&quot;thumbnail-height&quot;:150,&quot;medium&quot;:&quot;https:\\\/\\\/tlc.eu\\\/app\\\/uploads\\\/2024\\\/12\\\/tas-klatki-schodowe-gorlice-www-5-217x300.png&quot;,&quot;medium-width&quot;:217,&quot;medium-height&quot;:300,&quot;medium_large&quot;:&quot;https:\\\/\\\/tlc.eu\\\/app\\\/uploads\\\/2024\\\/12\\\/tas-klatki-schodowe-gorlice-www-5-768x1063.png&quot;,&quot;medium_large-width&quot;:768,&quot;medium_large-height&quot;:1063,&quot;large&quot;:&quot;https:\\\/\\\/tlc.eu\\\/app\\\/uploads\\\/2024\\\/12\\\/tas-klatki-schodowe-gorlice-www-5-740x1024.png&quot;,&quot;large-width&quot;:740,&quot;large-height&quot;:1024,&quot;menu-thumb&quot;:&quot;https:\\\/\\\/tlc.eu\\\/app\\\/uploads\\\/2024\\\/12\\\/tas-klatki-schodowe-gorlice-www-5.png&quot;,&quot;menu-thumb-width&quot;:100,&quot;menu-thumb-height&quot;:138}}},{&quot;image&quot;:{&quot;ID&quot;:18438,&quot;id&quot;:18438,&quot;title&quot;:&quot;tlc-projekt-tas-modultreppen-in-gorlice-polen-web-3&quot;,&quot;filename&quot;:&quot;tas-klatki-schodowe-gorlice-www-3.png&quot;,&quot;filesize&quot;:2405810,&quot;url&quot;:&quot;https:\\\/\\\/tlc.eu\\\/app\\\/uploads\\\/2024\\\/12\\\/tas-klatki-schodowe-gorlice-www-3.png&quot;,&quot;link&quot;:&quot;https:\\\/\\\/tlc.eu\\\/de\\\/projekte\\\/mobile-sicherheitssystem-fur-baustellen\\\/tas-modultreppen-in-gorlice-polen\\\/tas-klatki-schodowe-gorlice-www-3-2\\\/&quot;,&quot;alt&quot;:&quot;&quot;,&quot;author&quot;:&quot;4&quot;,&quot;description&quot;:&quot;&quot;,&quot;caption&quot;:&quot;&quot;,&quot;name&quot;:&quot;tas-klatki-schodowe-gorlice-www-3-2&quot;,&quot;status&quot;:&quot;inherit&quot;,&quot;uploaded_to&quot;:22678,&quot;date&quot;:&quot;2024-12-12 12:08:07&quot;,&quot;modified&quot;:&quot;2025-09-29 11:32:06&quot;,&quot;menu_order&quot;:0,&quot;mime_type&quot;:&quot;image\\\/png&quot;,&quot;type&quot;:&quot;image&quot;,&quot;subtype&quot;:&quot;png&quot;,&quot;icon&quot;:&quot;https:\\\/\\\/tlc.eu\\\/wp\\\/wp-includes\\\/images\\\/media\\\/default.png&quot;,&quot;width&quot;:1510,&quot;height&quot;:1000,&quot;sizes&quot;:{&quot;thumbnail&quot;:&quot;https:\\\/\\\/tlc.eu\\\/app\\\/uploads\\\/2024\\\/12\\\/tas-klatki-schodowe-gorlice-www-3-150x150.png&quot;,&quot;thumbnail-width&quot;:150,&quot;thumbnail-height&quot;:150,&quot;medium&quot;:&quot;https:\\\/\\\/tlc.eu\\\/app\\\/uploads\\\/2024\\\/12\\\/tas-klatki-schodowe-gorlice-www-3-300x199.png&quot;,&quot;medium-width&quot;:300,&quot;medium-height&quot;:199,&quot;medium_large&quot;:&quot;https:\\\/\\\/tlc.eu\\\/app\\\/uploads\\\/2024\\\/12\\\/tas-klatki-schodowe-gorlice-www-3-768x509.png&quot;,&quot;medium_large-width&quot;:768,&quot;medium_large-height&quot;:509,&quot;large&quot;:&quot;https:\\\/\\\/tlc.eu\\\/app\\\/uploads\\\/2024\\\/12\\\/tas-klatki-schodowe-gorlice-www-3-1024x678.png&quot;,&quot;large-width&quot;:1024,&quot;large-height&quot;:678,&quot;menu-thumb&quot;:&quot;https:\\\/\\\/tlc.eu\\\/app\\\/uploads\\\/2024\\\/12\\\/tas-klatki-schodowe-gorlice-www-3.png&quot;,&quot;menu-thumb-width&quot;:100,&quot;menu-thumb-height&quot;:66}}},{&quot;image&quot;:{&quot;ID&quot;:18433,&quot;id&quot;:18433,&quot;title&quot;:&quot;tlc-projekt-tas-modultreppen-in-gorlice-polen-web-2&quot;,&quot;filename&quot;:&quot;tas-klatki-schodowe-gorlice-www-2.png&quot;,&quot;filesize&quot;:1892083,&quot;url&quot;:&quot;https:\\\/\\\/tlc.eu\\\/app\\\/uploads\\\/2024\\\/12\\\/tas-klatki-schodowe-gorlice-www-2.png&quot;,&quot;link&quot;:&quot;https:\\\/\\\/tlc.eu\\\/de\\\/projekte\\\/mobile-sicherheitssystem-fur-baustellen\\\/tas-modultreppen-in-gorlice-polen\\\/tas-klatki-schodowe-gorlice-www-2-2\\\/&quot;,&quot;alt&quot;:&quot;&quot;,&quot;author&quot;:&quot;4&quot;,&quot;description&quot;:&quot;&quot;,&quot;caption&quot;:&quot;&quot;,&quot;name&quot;:&quot;tas-klatki-schodowe-gorlice-www-2-2&quot;,&quot;status&quot;:&quot;inherit&quot;,&quot;uploaded_to&quot;:22678,&quot;date&quot;:&quot;2024-12-12 12:08:04&quot;,&quot;modified&quot;:&quot;2025-09-29 11:31:56&quot;,&quot;menu_order&quot;:0,&quot;mime_type&quot;:&quot;image\\\/png&quot;,&quot;type&quot;:&quot;image&quot;,&quot;subtype&quot;:&quot;png&quot;,&quot;icon&quot;:&quot;https:\\\/\\\/tlc.eu\\\/wp\\\/wp-includes\\\/images\\\/media\\\/default.png&quot;,&quot;width&quot;:1510,&quot;height&quot;:1000,&quot;sizes&quot;:{&quot;thumbnail&quot;:&quot;https:\\\/\\\/tlc.eu\\\/app\\\/uploads\\\/2024\\\/12\\\/tas-klatki-schodowe-gorlice-www-2-150x150.png&quot;,&quot;thumbnail-width&quot;:150,&quot;thumbnail-height&quot;:150,&quot;medium&quot;:&quot;https:\\\/\\\/tlc.eu\\\/app\\\/uploads\\\/2024\\\/12\\\/tas-klatki-schodowe-gorlice-www-2-300x199.png&quot;,&quot;medium-width&quot;:300,&quot;medium-height&quot;:199,&quot;medium_large&quot;:&quot;https:\\\/\\\/tlc.eu\\\/app\\\/uploads\\\/2024\\\/12\\\/tas-klatki-schodowe-gorlice-www-2-768x509.png&quot;,&quot;medium_large-width&quot;:768,&quot;medium_large-height&quot;:509,&quot;large&quot;:&quot;https:\\\/\\\/tlc.eu\\\/app\\\/uploads\\\/2024\\\/12\\\/tas-klatki-schodowe-gorlice-www-2-1024x678.png&quot;,&quot;large-width&quot;:1024,&quot;large-height&quot;:678,&quot;menu-thumb&quot;:&quot;https:\\\/\\\/tlc.eu\\\/app\\\/uploads\\\/2024\\\/12\\\/tas-klatki-schodowe-gorlice-www-2.png&quot;,&quot;menu-thumb-width&quot;:100,&quot;menu-thumb-height&quot;:66}}},{&quot;image&quot;:{&quot;ID&quot;:18428,&quot;id&quot;:18428,&quot;title&quot;:&quot;tlc-projekt-tas-modultreppen-in-gorlice-polen-web-1&quot;,&quot;filename&quot;:&quot;tas-klatki-schodowe-gorlice-www-1.png&quot;,&quot;filesize&quot;:2130028,&quot;url&quot;:&quot;https:\\\/\\\/tlc.eu\\\/app\\\/uploads\\\/2024\\\/12\\\/tas-klatki-schodowe-gorlice-www-1.png&quot;,&quot;link&quot;:&quot;https:\\\/\\\/tlc.eu\\\/de\\\/projekte\\\/mobile-sicherheitssystem-fur-baustellen\\\/tas-modultreppen-in-gorlice-polen\\\/tas-klatki-schodowe-gorlice-www-1-2\\\/&quot;,&quot;alt&quot;:&quot;&quot;,&quot;author&quot;:&quot;4&quot;,&quot;description&quot;:&quot;&quot;,&quot;caption&quot;:&quot;&quot;,&quot;name&quot;:&quot;tas-klatki-schodowe-gorlice-www-1-2&quot;,&quot;status&quot;:&quot;inherit&quot;,&quot;uploaded_to&quot;:22678,&quot;date&quot;:&quot;2024-12-12 12:08:01&quot;,&quot;modified&quot;:&quot;2025-09-29 11:31:50&quot;,&quot;menu_order&quot;:0,&quot;mime_type&quot;:&quot;image\\\/png&quot;,&quot;type&quot;:&quot;image&quot;,&quot;subtype&quot;:&quot;png&quot;,&quot;icon&quot;:&quot;https:\\\/\\\/tlc.eu\\\/wp\\\/wp-includes\\\/images\\\/media\\\/default.png&quot;,&quot;width&quot;:1510,&quot;height&quot;:1000,&quot;sizes&quot;:{&quot;thumbnail&quot;:&quot;https:\\\/\\\/tlc.eu\\\/app\\\/uploads\\\/2024\\\/12\\\/tas-klatki-schodowe-gorlice-www-1-150x150.png&quot;,&quot;thumbnail-width&quot;:150,&quot;thumbnail-height&quot;:150,&quot;medium&quot;:&quot;https:\\\/\\\/tlc.eu\\\/app\\\/uploads\\\/2024\\\/12\\\/tas-klatki-schodowe-gorlice-www-1-300x199.png&quot;,&quot;medium-width&quot;:300,&quot;medium-height&quot;:199,&quot;medium_large&quot;:&quot;https:\\\/\\\/tlc.eu\\\/app\\\/uploads\\\/2024\\\/12\\\/tas-klatki-schodowe-gorlice-www-1-768x509.png&quot;,&quot;medium_large-width&quot;:768,&quot;medium_large-height&quot;:509,&quot;large&quot;:&quot;https:\\\/\\\/tlc.eu\\\/app\\\/uploads\\\/2024\\\/12\\\/tas-klatki-schodowe-gorlice-www-1-1024x678.png&quot;,&quot;large-width&quot;:1024,&quot;large-height&quot;:678,&quot;menu-thumb&quot;:&quot;https:\\\/\\\/tlc.eu\\\/app\\\/uploads\\\/2024\\\/12\\\/tas-klatki-schodowe-gorlice-www-1.png&quot;,&quot;menu-thumb-width&quot;:100,&quot;menu-thumb-height&quot;:66}}},{&quot;image&quot;:false}]\" sliderType=\"images\"><\/image-carousel>\n        <\/div>\n      <\/div>\n      <\/div>\n<\/section>\n\n\n","protected":false},"excerpt":{"rendered":"<p>Die zweite Expansionsphase des G\u00f3r-Stal Produktionswerks in Gorlice ist im Gange. TLC lieferte TAS-Treppen zur Baustelle.<\/p>\n","protected":false},"author":4,"featured_media":18423,"parent":0,"template":"","project_category":[1135],"class_list":["post-22678","projects","type-projects","status-publish","has-post-thumbnail","hentry","project_category-mobile-sicherheitssystem-fur-baustellen"],"acf":[],"yoast_head":"<!-- This site is optimized with the Yoast SEO plugin v23.8 - https:\/\/yoast.com\/wordpress\/plugins\/seo\/ -->\n<title>TAS-Modultreppen in Gorlice\/Polen - TLC<\/title>\n<meta name=\"description\" content=\"Die zweite Expansionsphase des G\u00f3r-Stal Produktionswerks in Gorlice ist im Gange. TLC lieferte TAS-Treppen zur Baustelle.\" \/>\n<meta name=\"robots\" content=\"index, follow, max-snippet:-1, max-image-preview:large, max-video-preview:-1\" \/>\n<link rel=\"canonical\" href=\"https:\/\/tlc.eu\/de\/projekte\/mobile-sicherheitssystem-fur-baustellen\/tas-modultreppen-in-gorlice-polen\/\" \/>\n<meta property=\"og:locale\" content=\"de_DE\" \/>\n<meta property=\"og:type\" content=\"article\" \/>\n<meta property=\"og:title\" content=\"TAS-Modultreppen in Gorlice\/Polen - TLC\" \/>\n<meta property=\"og:description\" content=\"Die zweite Expansionsphase des G\u00f3r-Stal Produktionswerks in Gorlice ist im Gange. TLC lieferte TAS-Treppen zur Baustelle.\" \/>\n<meta property=\"og:url\" content=\"https:\/\/tlc.eu\/de\/projekte\/mobile-sicherheitssystem-fur-baustellen\/tas-modultreppen-in-gorlice-polen\/\" \/>\n<meta property=\"og:site_name\" content=\"TLC\" \/>\n<meta property=\"article:modified_time\" content=\"2025-09-30T10:16:28+00:00\" \/>\n<meta property=\"og:image\" content=\"https:\/\/tlc.eu\/app\/uploads\/2024\/12\/tas-klatki-schodowe-gorlice-www-banner-1024x464.png\" \/>\n\t<meta property=\"og:image:width\" content=\"1024\" \/>\n\t<meta property=\"og:image:height\" content=\"464\" \/>\n\t<meta property=\"og:image:type\" content=\"image\/png\" \/>\n<meta name=\"twitter:card\" content=\"summary_large_image\" \/>\n<meta name=\"twitter:label1\" content=\"Est. reading time\" \/>\n\t<meta name=\"twitter:data1\" content=\"1 minute\" \/>\n<script type=\"application\/ld+json\" class=\"yoast-schema-graph\">{\"@context\":\"https:\/\/schema.org\",\"@graph\":[{\"@type\":\"WebPage\",\"@id\":\"https:\/\/tlc.eu\/de\/projekte\/mobile-sicherheitssystem-fur-baustellen\/tas-modultreppen-in-gorlice-polen\/\",\"url\":\"https:\/\/tlc.eu\/de\/projekte\/mobile-sicherheitssystem-fur-baustellen\/tas-modultreppen-in-gorlice-polen\/\",\"name\":\"TAS-Modultreppen in Gorlice\/Polen - TLC\",\"isPartOf\":{\"@id\":\"https:\/\/tlc.eu\/de\/#website\"},\"primaryImageOfPage\":{\"@id\":\"https:\/\/tlc.eu\/de\/projekte\/mobile-sicherheitssystem-fur-baustellen\/tas-modultreppen-in-gorlice-polen\/#primaryimage\"},\"image\":{\"@id\":\"https:\/\/tlc.eu\/de\/projekte\/mobile-sicherheitssystem-fur-baustellen\/tas-modultreppen-in-gorlice-polen\/#primaryimage\"},\"thumbnailUrl\":\"https:\/\/tlc.eu\/app\/uploads\/2024\/12\/tas-klatki-schodowe-gorlice-www-banner.png\",\"datePublished\":\"2024-02-02T12:08:00+00:00\",\"dateModified\":\"2025-09-30T10:16:28+00:00\",\"description\":\"Die zweite Expansionsphase des G\u00f3r-Stal Produktionswerks in Gorlice ist im Gange. TLC lieferte TAS-Treppen zur Baustelle.\",\"breadcrumb\":{\"@id\":\"https:\/\/tlc.eu\/de\/projekte\/mobile-sicherheitssystem-fur-baustellen\/tas-modultreppen-in-gorlice-polen\/#breadcrumb\"},\"inLanguage\":\"de-DE\",\"potentialAction\":[{\"@type\":\"ReadAction\",\"target\":[\"https:\/\/tlc.eu\/de\/projekte\/mobile-sicherheitssystem-fur-baustellen\/tas-modultreppen-in-gorlice-polen\/\"]}]},{\"@type\":\"ImageObject\",\"inLanguage\":\"de-DE\",\"@id\":\"https:\/\/tlc.eu\/de\/projekte\/mobile-sicherheitssystem-fur-baustellen\/tas-modultreppen-in-gorlice-polen\/#primaryimage\",\"url\":\"https:\/\/tlc.eu\/app\/uploads\/2024\/12\/tas-klatki-schodowe-gorlice-www-banner.png\",\"contentUrl\":\"https:\/\/tlc.eu\/app\/uploads\/2024\/12\/tas-klatki-schodowe-gorlice-www-banner.png\",\"width\":1903,\"height\":862},{\"@type\":\"BreadcrumbList\",\"@id\":\"https:\/\/tlc.eu\/de\/projekte\/mobile-sicherheitssystem-fur-baustellen\/tas-modultreppen-in-gorlice-polen\/#breadcrumb\",\"itemListElement\":[{\"@type\":\"ListItem\",\"position\":1,\"name\":\"Home\",\"item\":\"https:\/\/tlc.eu\/de\/\"},{\"@type\":\"ListItem\",\"position\":2,\"name\":\"Projects\",\"item\":\"https:\/\/tlc.eu\/de\/projekte\/%project_category%\/\"},{\"@type\":\"ListItem\",\"position\":3,\"name\":\"TAS-Modultreppen in Gorlice\/Polen\"}]},{\"@type\":\"WebSite\",\"@id\":\"https:\/\/tlc.eu\/de\/#website\",\"url\":\"https:\/\/tlc.eu\/de\/\",\"name\":\"TLC EU Steel Equipment | Design & Production\",\"description\":\"\",\"alternateName\":\"TLC\",\"potentialAction\":[{\"@type\":\"SearchAction\",\"target\":{\"@type\":\"EntryPoint\",\"urlTemplate\":\"https:\/\/tlc.eu\/de\/?s={search_term_string}\"},\"query-input\":{\"@type\":\"PropertyValueSpecification\",\"valueRequired\":true,\"valueName\":\"search_term_string\"}}],\"inLanguage\":\"de-DE\"}]}<\/script>\n<!-- \/ Yoast SEO plugin. -->","yoast_head_json":{"title":"TAS-Modultreppen in Gorlice\/Polen - TLC","description":"Die zweite Expansionsphase des G\u00f3r-Stal Produktionswerks in Gorlice ist im Gange. TLC lieferte TAS-Treppen zur Baustelle.","robots":{"index":"index","follow":"follow","max-snippet":"max-snippet:-1","max-image-preview":"max-image-preview:large","max-video-preview":"max-video-preview:-1"},"canonical":"https:\/\/tlc.eu\/de\/projekte\/mobile-sicherheitssystem-fur-baustellen\/tas-modultreppen-in-gorlice-polen\/","og_locale":"de_DE","og_type":"article","og_title":"TAS-Modultreppen in Gorlice\/Polen - TLC","og_description":"Die zweite Expansionsphase des G\u00f3r-Stal Produktionswerks in Gorlice ist im Gange. TLC lieferte TAS-Treppen zur Baustelle.","og_url":"https:\/\/tlc.eu\/de\/projekte\/mobile-sicherheitssystem-fur-baustellen\/tas-modultreppen-in-gorlice-polen\/","og_site_name":"TLC","article_modified_time":"2025-09-30T10:16:28+00:00","og_image":[{"width":1024,"height":464,"url":"https:\/\/tlc.eu\/app\/uploads\/2024\/12\/tas-klatki-schodowe-gorlice-www-banner-1024x464.png","type":"image\/png"}],"twitter_card":"summary_large_image","twitter_misc":{"Est. reading time":"1 minute"},"schema":{"@context":"https:\/\/schema.org","@graph":[{"@type":"WebPage","@id":"https:\/\/tlc.eu\/de\/projekte\/mobile-sicherheitssystem-fur-baustellen\/tas-modultreppen-in-gorlice-polen\/","url":"https:\/\/tlc.eu\/de\/projekte\/mobile-sicherheitssystem-fur-baustellen\/tas-modultreppen-in-gorlice-polen\/","name":"TAS-Modultreppen in Gorlice\/Polen - TLC","isPartOf":{"@id":"https:\/\/tlc.eu\/de\/#website"},"primaryImageOfPage":{"@id":"https:\/\/tlc.eu\/de\/projekte\/mobile-sicherheitssystem-fur-baustellen\/tas-modultreppen-in-gorlice-polen\/#primaryimage"},"image":{"@id":"https:\/\/tlc.eu\/de\/projekte\/mobile-sicherheitssystem-fur-baustellen\/tas-modultreppen-in-gorlice-polen\/#primaryimage"},"thumbnailUrl":"https:\/\/tlc.eu\/app\/uploads\/2024\/12\/tas-klatki-schodowe-gorlice-www-banner.png","datePublished":"2024-02-02T12:08:00+00:00","dateModified":"2025-09-30T10:16:28+00:00","description":"Die zweite Expansionsphase des G\u00f3r-Stal Produktionswerks in Gorlice ist im Gange. TLC lieferte TAS-Treppen zur Baustelle.","breadcrumb":{"@id":"https:\/\/tlc.eu\/de\/projekte\/mobile-sicherheitssystem-fur-baustellen\/tas-modultreppen-in-gorlice-polen\/#breadcrumb"},"inLanguage":"de-DE","potentialAction":[{"@type":"ReadAction","target":["https:\/\/tlc.eu\/de\/projekte\/mobile-sicherheitssystem-fur-baustellen\/tas-modultreppen-in-gorlice-polen\/"]}]},{"@type":"ImageObject","inLanguage":"de-DE","@id":"https:\/\/tlc.eu\/de\/projekte\/mobile-sicherheitssystem-fur-baustellen\/tas-modultreppen-in-gorlice-polen\/#primaryimage","url":"https:\/\/tlc.eu\/app\/uploads\/2024\/12\/tas-klatki-schodowe-gorlice-www-banner.png","contentUrl":"https:\/\/tlc.eu\/app\/uploads\/2024\/12\/tas-klatki-schodowe-gorlice-www-banner.png","width":1903,"height":862},{"@type":"BreadcrumbList","@id":"https:\/\/tlc.eu\/de\/projekte\/mobile-sicherheitssystem-fur-baustellen\/tas-modultreppen-in-gorlice-polen\/#breadcrumb","itemListElement":[{"@type":"ListItem","position":1,"name":"Home","item":"https:\/\/tlc.eu\/de\/"},{"@type":"ListItem","position":2,"name":"Projects","item":"https:\/\/tlc.eu\/de\/projekte\/%project_category%\/"},{"@type":"ListItem","position":3,"name":"TAS-Modultreppen in Gorlice\/Polen"}]},{"@type":"WebSite","@id":"https:\/\/tlc.eu\/de\/#website","url":"https:\/\/tlc.eu\/de\/","name":"TLC EU Steel Equipment | Design & Production","description":"","alternateName":"TLC","potentialAction":[{"@type":"SearchAction","target":{"@type":"EntryPoint","urlTemplate":"https:\/\/tlc.eu\/de\/?s={search_term_string}"},"query-input":{"@type":"PropertyValueSpecification","valueRequired":true,"valueName":"search_term_string"}}],"inLanguage":"de-DE"}]}},"_links":{"self":[{"href":"https:\/\/tlc.eu\/de\/wp-json\/wp\/v2\/projects\/22678","targetHints":{"allow":["GET"]}}],"collection":[{"href":"https:\/\/tlc.eu\/de\/wp-json\/wp\/v2\/projects"}],"about":[{"href":"https:\/\/tlc.eu\/de\/wp-json\/wp\/v2\/types\/projects"}],"author":[{"embeddable":true,"href":"https:\/\/tlc.eu\/de\/wp-json\/wp\/v2\/users\/4"}],"version-history":[{"count":6,"href":"https:\/\/tlc.eu\/de\/wp-json\/wp\/v2\/projects\/22678\/revisions"}],"predecessor-version":[{"id":23614,"href":"https:\/\/tlc.eu\/de\/wp-json\/wp\/v2\/projects\/22678\/revisions\/23614"}],"wp:featuredmedia":[{"embeddable":true,"href":"https:\/\/tlc.eu\/de\/wp-json\/wp\/v2\/media\/18423"}],"wp:attachment":[{"href":"https:\/\/tlc.eu\/de\/wp-json\/wp\/v2\/media?parent=22678"}],"wp:term":[{"taxonomy":"project_category","embeddable":true,"href":"https:\/\/tlc.eu\/de\/wp-json\/wp\/v2\/project_category?post=22678"}],"curies":[{"name":"wp","href":"https:\/\/api.w.org\/{rel}","templated":true}]}}