{"id":28901,"date":"2024-07-24T14:43:45","date_gmt":"2024-07-24T14:43:45","guid":{"rendered":"https:\/\/tlc.eu\/sustainable-responsibility\/"},"modified":"2026-03-16T13:08:07","modified_gmt":"2026-03-16T13:08:07","slug":"hallbart-ansvar","status":"publish","type":"page","link":"https:\/\/tlc.eu\/sv\/hallbart-ansvar\/","title":{"rendered":"H\u00e5llbart ansvar"},"content":{"rendered":"<section data-block_884da31a8ddd65474b25a8ca1213189e class=\"hero aligncenter\">\n  <div class=\"hero__container w-full  relative flex flex-col justify-center items-center overflow-hidden\">\n          <div class=\"hero__background w-full h-full absolute top-0 left-0 overlay-bg--only-mobile\">\n                  <img decoding=\"async\" src=\"https:\/\/tlc.eu\/app\/uploads\/2024\/10\/tlc-sustainable-development-1.png\" class=\"hero__background-image object-cover object-center w-full h-full\">\n              <\/div>\n    \n    <div class=\"wrapper z-[1]\n    flex flex-col h-[37.5rem] tablet:h-[48rem] items-center\">\n              <div class=\"hero__return hidden tablet:flex mt-[4.8rem] self-start\">\n          <div class=\"return w-[1rem] h-[1.6rem] flex text-[1rem] cursor-pointer relative text-black\"\r\n     @click=\"returnClick('https:\/\/tlc.eu\/sv\/')\">\r\n  <i class=\"icon tlc-icon-arrow flex text-white rotate-180 text-[1.6rem] font-bold\"><\/i>\r\n<\/div>\r\n        <\/div>\n                    <div class=\"hero__breadcrumbs max-w-full text-white copy1 self-center tablet:self-start\n        mt-[6.4rem] md:mt-[4.8rem]\n        \">\n            <div class=\"breadcrumb flex w-full items-center justify-center tablet:justify-start mb-[4rem] md:mb-[4rem]\">\n  <div class=\"breadcrumb__box flex w-fit max-w-full\">\n    <swiper\n      ref=\"breadcrumbs\"\n      :modules=\"modules\"\n      direction=\"horizontal\"\n      slides-per-view=\"auto\"\n    >\n      <swiper-slide class=\"flex gap-[.8rem] tablet:gap-8 w-fit items-center mr-[.8rem] tablet:mr-8\">\n        <a href=\"https:\/\/tlc.eu\/sv\/\" class=\"item copy-breadcrumbs\">Home<\/a>\n        <i class=\"separator tlc-icon-angle text-[.8rem]\"><\/i>\n      <\/swiper-slide>\n          <\/swiper>\n  <\/div>\n<\/div>\n\n\n        <\/div>\n            <div class=\"hero__content w-full flex flex-col gap-[21.5rem] tablet:gap-[16rem]\">\n                  <div class=\"hero__head w-full flex flex-col gap-[2.4rem] tablet:gap-[4rem]\">\n              <h1 class=\"head h1 text-center md:text-left text-text-alternate\" style=\"\">\n              H\u00e5llbart ansvar\n            <\/h1>\n\n                          <div class=\"hero__return flex tablet:hidden self-center\">\n                <div class=\"return w-[1rem] h-[1.6rem] flex text-[1rem] cursor-pointer relative text-black\"\r\n     @click=\"returnClick('https:\/\/tlc.eu\/sv\/')\">\r\n  <i class=\"icon tlc-icon-arrow flex text-white rotate-180 text-[1.6rem] font-bold\"><\/i>\r\n<\/div>\r\n              <\/div>\n            \n                      <\/div>\n        \n                                  <\/div>\n    <\/div>\n\n      <\/div>\n<\/section>\n\n\n<section data-block_9ce4c82237dbbc768be77132780dfbc3 class=\"section section--bottom-0 section--top-0 py-[6.4rem] md:py-[11.2rem] hello-description-with-image aligncenter\" style=\"background-color: #B8E3BA\">\n    <div class=\"hello-description-with-image__wrapper wrapper relative\">\n      <img decoding=\"async\" src=\"https:\/\/tlc.eu\/app\/uploads\/2024\/07\/image1.png\" alt=\"\" class=\"hello-description-with-image__image w-[48.7rem] h-[48.7rem] absolute left-0 -bottom-[11.2rem] pointer-events-none invisible md:visible\">\n      <div class=\"hello-description-with-image__container w-full flex justify-end\">\n        <div class=\"hello-description-with-image__content w-full flex flex-col max-w-[77rem]\">\n                      <div class=\"description__head w-full\">\n              <h2 class=\"head h2\">Vi \u00e4r engagerade i h\u00e5llbar utveckling och implementerar l\u00f6sningar som st\u00f6djer v\u00e5r planets s\u00e4kerhet och f\u00f6rb\u00e4ttrar livskvaliteten f\u00f6r nuvarande och framtida generationer.<\/h2>\n            <\/div>\n          \n                      <div class=\"hello-description-with-image__description w-full mt-[2.4rem] md:mt-[4.8rem] text-text-primary\">\n              <p>Vi \u00e4r medvetna om m\u00e4nniskans milj\u00f6p\u00e5verkan varf\u00f6r vi b\u00e5de i v\u00e5r dagliga verksamhet och antagna strategi arbetar enligt principerna som fastst\u00e4llts av FN och Europeiska unionen.<\/p>\n<p>V\u00e5r prioritet \u00e4r att minska utsl\u00e4pp och optimera produktionsprocesser f\u00f6r att minimera belastningen av naturresurserna. Vi implementerar milj\u00f6v\u00e4nliga innovationer och teknologier med m\u00e5ls\u00e4ttningen att skapa l\u00e5ngsiktiga f\u00f6rdelar b\u00e5de f\u00f6r lokala samh\u00e4llen och det globala ekosystemet.<\/p>\n\n            <\/div>\n                  <\/div>\n      <\/div>\n    <\/div>\n<\/section>\n\n\n<section data-block_e3fe80500984bc42e8c85e1bf2327941 class=\"section content-with-media aligncenter\">\n  <div class=\"wrapper\">\n              <div\n        class=\"content-with-media__container flex flex-col gap-[4.8rem] md:gap-[8rem] flex-col md:flex-row\">\n        <div class=\"content-with-media__content flex flex-col justify-center basis-1 md:basis-1\/2\">\n                      <h2 class=\"content-with-media__heading h3\">Vi fokuserar p\u00e5 h\u00e5llbara l\u00f6sningar och f\u00f6rb\u00e4ttrar kontinuerligt v\u00e5r produktionsanl\u00e4ggning f\u00f6r att arbeta mer effektivt och minska dess milj\u00f6p\u00e5verkan och energif\u00f6rbrukning.<\/h2>\n                                <div class=\"content-with-media__description content-simple text-text-primary copy2 mt-[2rem] md:mt-[4.8rem]\">\n              <p>V\u00e5ra milj\u00f6v\u00e4nliga l\u00f6sningar inom st\u00e5l- och aluminiumbearbetning g\u00f6r det m\u00f6jligt f\u00f6r oss att avsev\u00e4rt minska produktionsavfall vilket bidrar till en renare milj\u00f6.<br \/>\nGenom att optimera v\u00e5r materialf\u00f6rbrukning minskar vi inte bara avfallsm\u00e4ngden utan \u00e4ven f\u00f6rb\u00e4ttrar utnyttjandet av resurserna i hela v\u00e5r verksamhet.<br \/>\nDenna h\u00e5llbarhetsstrategi \u00e4r en central del av v\u00e5r produktionsprocess och s\u00e4kerst\u00e4ller minimal milj\u00f6p\u00e5verkan utan att kompromissa med kvaliteten.<\/p>\n\n            <\/div>\n                  <\/div>\n        <div class=\"content-with-media__media basis-1 md:basis-1\/2\">\n                      <img decoding=\"async\" src=\"https:\/\/tlc.eu\/app\/uploads\/2024\/07\/770b0ca993b5e921cf134ea83940fec3ebabd4b2.jpg\" alt=\"TLC\" height=\"612px\" width=\"612px\"\n                 loading=\"lazy\" class=\"content-with-media__image h-[30rem] md:h-[61.2rem] w-full object-cover\">\n                  <\/div>\n      <\/div>\n      <\/div>\n<\/section>\n\n\n<section data-block_bc19ddd8975f2142de104e1b7a0d9470 class=\"section content-with-media aligncenter\">\n  <div class=\"wrapper\">\n              <div\n        class=\"content-with-media__container flex flex-col gap-[4.8rem] md:gap-[8rem] flex-col md:flex-row-reverse\">\n        <div class=\"content-with-media__content flex flex-col justify-center basis-1 md:basis-1\/2\">\n                      <h2 class=\"content-with-media__heading h3\">Produkter byggda f\u00f6r l\u00e5ng livsl\u00e4ngd och en cirkul\u00e4r ekonomi.<\/h2>\n                                <div class=\"content-with-media__description content-simple text-text-primary copy2 mt-[2rem] md:mt-[4.8rem]\">\n              <div class=\"ql-block\" data-block-id=\"block-aa8c5be1-cae8-4503-9ed6-6bb355e937ab\">\n<div class=\"flex flex-col text-sm pb-25\">\n<article class=\"text-token-text-primary w-full focus:outline-none [--shadow-height:45px] has-data-writing-block:pointer-events-none has-data-writing-block:-mt-(--shadow-height) has-data-writing-block:pt-(--shadow-height) [&amp;:has([data-writing-block])&gt;*]:pointer-events-auto scroll-mt-[calc(var(--header-height)+min(200px,max(70px,20svh)))]\" dir=\"auto\" tabindex=\"-1\" data-turn-id=\"request-69b29067-9090-8390-9cab-56563c829751-14\" data-testid=\"conversation-turn-84\" data-scroll-anchor=\"true\" data-turn=\"assistant\">\n<div class=\"text-base my-auto mx-auto pb-10 [--thread-content-margin:var(--thread-content-margin-xs,calc(var(--spacing)*4))] @w-sm\/main:[--thread-content-margin:var(--thread-content-margin-sm,calc(var(--spacing)*6))] @w-lg\/main:[--thread-content-margin:var(--thread-content-margin-lg,calc(var(--spacing)*16))] px-(--thread-content-margin)\">\n<div class=\"[--thread-content-max-width:40rem] @w-lg\/main:[--thread-content-max-width:48rem] mx-auto max-w-(--thread-content-max-width) flex-1 group\/turn-messages focus-visible:outline-hidden relative flex w-full min-w-0 flex-col agent-turn\" tabindex=\"-1\">\n<div class=\"flex max-w-full flex-col gap-4 grow\">\n<div class=\"min-h-8 text-message relative flex w-full flex-col items-end gap-2 text-start break-words whitespace-normal [.text-message+&amp;]:mt-1\" dir=\"auto\" data-message-author-role=\"assistant\" data-message-id=\"f9261391-9096-4a5e-9a6f-d26b989dd71f\" data-message-model-slug=\"gpt-5-3\">\n<div class=\"flex w-full flex-col gap-1 empty:hidden\">\n<div class=\"markdown prose dark:prose-invert w-full wrap-break-word dark markdown-new-styling\">\n<p data-start=\"0\" data-end=\"234\"><strong>V\u00e5ra produkter \u00e4r konstruerade och tillverkade f\u00f6r maximal h\u00e5llbarhet och en f\u00f6rl\u00e4ngd livscykel.<\/strong><br data-start=\"96\" data-end=\"99\" \/>Vi s\u00e4kerst\u00e4ller att skadade komponenter enkelt kan bytas ut \u2013 med reservdelar som finns tillg\u00e4ngliga f\u00f6r best\u00e4llning direkt fr\u00e5n oss. Dessutom \u00e4r v\u00e5ra produkter konstruerade s\u00e5 att de kan demonteras och \u00e5terf\u00f6rzinkas samt m\u00e5las om, vilket g\u00f6r att de kan anv\u00e4ndas kontinuerligt under m\u00e5nga \u00e5r. Detta minskar avfallet avsev\u00e4rt och st\u00f6djer en verkligt cirkul\u00e4r ekonomi. Genom att v\u00e4lja v\u00e5ra produkter g\u00f6r du ett milj\u00f6medvetet och ansvarsfullt val.<\/p>\n<\/div>\n<\/div>\n<\/div>\n<\/div>\n<div class=\"z-0 flex min-h-[46px] justify-start\">&nbsp;<\/div>\n<div class=\"mt-3 w-full empty:hidden\">\n<div class=\"text-center\">&nbsp;<\/div>\n<\/div>\n<\/div>\n<\/div>\n<\/article>\n<\/div>\n<div class=\"pointer-events-none h-px w-px absolute bottom-0\" aria-hidden=\"true\" data-edge=\"true\">&nbsp;<\/div>\n<\/div>\n\n            <\/div>\n                  <\/div>\n        <div class=\"content-with-media__media basis-1 md:basis-1\/2\">\n                      <img decoding=\"async\" src=\"https:\/\/tlc.eu\/app\/uploads\/2025\/06\/tlc-Products-Built-for-Longevity-and-a-Circular-Economy.jpg\" alt=\"TLC\" height=\"612px\" width=\"612px\"\n                 loading=\"lazy\" class=\"content-with-media__image h-[30rem] md:h-[61.2rem] w-full object-cover\">\n                  <\/div>\n      <\/div>\n      <\/div>\n<\/section>\n\n\n<section data-block_aa8ae89db8dcbb45eea016cca816d773 class=\"section content-with-media aligncenter\">\n  <div class=\"wrapper\">\n              <div\n        class=\"content-with-media__container flex flex-col gap-[4.8rem] md:gap-[8rem] flex-col md:flex-row\">\n        <div class=\"content-with-media__content flex flex-col justify-center basis-1 md:basis-1\/2\">\n                      <h2 class=\"content-with-media__heading h3\">Vi fokuserar p\u00e5 f\u00f6rnybara energik\u00e4llor, f\u00f6rst\u00e5r deras betydelse f\u00f6r v\u00e5r planets framtid och arbetar f\u00f6r att minska utsl\u00e4ppen.<\/h2>\n                                <div class=\"content-with-media__description content-simple text-text-primary copy2 mt-[2rem] md:mt-[4.8rem]\">\n              <p>Vi siktar p\u00e5 att 90 % av v\u00e5r energi ska komma fr\u00e5n f\u00f6rnybara k\u00e4llor senast vid slutet av 2026.<br \/>\nVi anv\u00e4nder fotovoltaiska paneler och v\u00e4rmepumpar samt ut\u00f6kar kontinuerligt denna infrastruktur f\u00f6r att s\u00e4kerst\u00e4lla att s\u00e5 stor del av v\u00e5r energif\u00f6rbrukning som m\u00f6jligt genereras fr\u00e5n f\u00f6rnybara k\u00e4llor.<br \/>\nDenna strategi \u00f6kar v\u00e5r energioberoende och minimerar v\u00e5r milj\u00f6p\u00e5verkan.<\/p>\n\n            <\/div>\n                  <\/div>\n        <div class=\"content-with-media__media basis-1 md:basis-1\/2\">\n                      <video class=\"content-with-media__video h-[30rem] md:h-[61.2rem] w-full object-cover\" loop=\"true\" playsinline\n                   autoplay=\"autoplay\" muted height=\"612px\" width=\"612px\" loading=\"lazy\">\n              <source src=\"https:\/\/tlc.eu\/app\/uploads\/2025\/09\/tlc-sustainable-responsibility-en-web-video-1.mp4\" type=\"video\/mp4\">\n              Your browser does not support the video tag.\n            <\/video>\n                  <\/div>\n      <\/div>\n      <\/div>\n<\/section>\n\n\n<section data-block_f3d16e568f526084cbda80d6f963f8f5 class=\"section content-with-media aligncenter\">\n  <div class=\"wrapper\">\n              <div\n        class=\"content-with-media__container flex flex-col gap-[4.8rem] md:gap-[8rem] flex-col md:flex-row-reverse\">\n        <div class=\"content-with-media__content flex flex-col justify-center basis-1 md:basis-1\/2\">\n                      <h2 class=\"content-with-media__heading h3\">V\u00e5r forsknings-, utvecklings- och designavdelning skapar teknologiska l\u00f6sningar som blir \u00e4nnu mer h\u00e5llbara, effektiva och s\u00e4kra f\u00f6r b\u00e5de planeten och m\u00e4nniskorna.<\/h2>\n                                <div class=\"content-with-media__description content-simple text-text-primary copy2 mt-[2rem] md:mt-[4.8rem]\">\n              <p>Vi anst\u00e4ller duktiga ingenj\u00f6rer som utvecklar nya produkter och integrerar dessa i v\u00e5rt system. Deras uppgift \u00e4r att arbeta f\u00f6r en gr\u00f6n industri och byggnation som uppfyller EU:s riktlinjer och framtida generationers f\u00f6rv\u00e4ntningar.<\/p>\n\n            <\/div>\n                  <\/div>\n        <div class=\"content-with-media__media basis-1 md:basis-1\/2\">\n                      <img decoding=\"async\" src=\"https:\/\/tlc.eu\/app\/uploads\/2024\/07\/ae4c862c35425f420b1183798a120dfc2edfae26.jpg\" alt=\"TLC\" height=\"612px\" width=\"612px\"\n                 loading=\"lazy\" class=\"content-with-media__image h-[30rem] md:h-[61.2rem] w-full object-cover\">\n                  <\/div>\n      <\/div>\n      <\/div>\n<\/section>\n\n\n<section data-block_f5e179ae89e604aa775f22b937d15412 class=\"section content-with-media aligncenter\">\n  <div class=\"wrapper\">\n              <div\n        class=\"content-with-media__container flex flex-col gap-[4.8rem] md:gap-[8rem] flex-col md:flex-row\">\n        <div class=\"content-with-media__content flex flex-col justify-center basis-1 md:basis-1\/2\">\n                      <h2 class=\"content-with-media__heading h3\">Globalt EPD-program \u2013 milj\u00f6varudeklarationer f\u00f6r TLC:s produkter<\/h2>\n                                <div class=\"content-with-media__description content-simple text-text-primary copy2 mt-[2rem] md:mt-[4.8rem]\">\n              <article class=\"text-token-text-primary w-full focus:outline-none [--shadow-height:45px] has-data-writing-block:pointer-events-none has-data-writing-block:-mt-(--shadow-height) has-data-writing-block:pt-(--shadow-height) [&amp;:has([data-writing-block])&gt;*]:pointer-events-auto scroll-mt-(--header-height)\" dir=\"auto\" tabindex=\"-1\" data-turn-id=\"827b76b6-8d2d-48ca-962c-87424a09d4dd\" data-testid=\"conversation-turn-87\" data-scroll-anchor=\"false\" data-turn=\"user\"><\/article>\n<article class=\"text-token-text-primary w-full focus:outline-none [--shadow-height:45px] has-data-writing-block:pointer-events-none has-data-writing-block:-mt-(--shadow-height) has-data-writing-block:pt-(--shadow-height) [&amp;:has([data-writing-block])&gt;*]:pointer-events-auto scroll-mt-[calc(var(--header-height)+min(200px,max(70px,20svh)))]\" dir=\"auto\" tabindex=\"-1\" data-turn-id=\"request-69b29067-9090-8390-9cab-56563c829751-16\" data-testid=\"conversation-turn-88\" data-scroll-anchor=\"true\" data-turn=\"assistant\">\n<div class=\"text-base my-auto mx-auto pb-10 [--thread-content-margin:var(--thread-content-margin-xs,calc(var(--spacing)*4))] @w-sm\/main:[--thread-content-margin:var(--thread-content-margin-sm,calc(var(--spacing)*6))] @w-lg\/main:[--thread-content-margin:var(--thread-content-margin-lg,calc(var(--spacing)*16))] px-(--thread-content-margin)\">\n<div class=\"[--thread-content-max-width:40rem] @w-lg\/main:[--thread-content-max-width:48rem] mx-auto max-w-(--thread-content-max-width) flex-1 group\/turn-messages focus-visible:outline-hidden relative flex w-full min-w-0 flex-col agent-turn\" tabindex=\"-1\">\n<div class=\"flex max-w-full flex-col gap-4 grow\">\n<div class=\"min-h-8 text-message relative flex w-full flex-col items-end gap-2 text-start break-words whitespace-normal [.text-message+&amp;]:mt-1\" dir=\"auto\" data-message-author-role=\"assistant\" data-message-id=\"a63bffec-1658-4925-b121-6bb02af069b2\" data-message-model-slug=\"gpt-5-3\">\n<div class=\"flex w-full flex-col gap-1 empty:hidden\">\n<div class=\"markdown prose dark:prose-invert w-full wrap-break-word dark markdown-new-styling\">\n<p data-start=\"0\" data-end=\"375\" data-is-last-node=\"\" data-is-only-node=\"\">Som en del av v\u00e5rt engagemang f\u00f6r h\u00e5llbarhet, f\u00f6retagens sociala ansvar (CSR) och milj\u00f6ansvar har TLC Sp. z o.o. erh\u00e5llit milj\u00f6varudeklarationer (EPD) f\u00f6r ett brett utbud av produkter. Dessa deklarationer \u00f6verensst\u00e4mmer med The International EPD System och f\u00f6ljer standarderna ISO 14025 och EN 15804, vilket s\u00e4kerst\u00e4ller en korrekt och transparent bed\u00f6mning av milj\u00f6p\u00e5verkan.<\/p>\n<\/div>\n<\/div>\n<\/div>\n<\/div>\n<\/div>\n<\/div>\n<\/article>\n\n            <\/div>\n                  <\/div>\n        <div class=\"content-with-media__media basis-1 md:basis-1\/2\">\n                      <img decoding=\"async\" src=\"https:\/\/tlc.eu\/app\/uploads\/2025\/08\/epd-international-system-tlc-1.jpg\" alt=\"TLC\" height=\"612px\" width=\"612px\"\n                 loading=\"lazy\" class=\"content-with-media__image h-[30rem] md:h-[61.2rem] w-full object-cover\">\n                  <\/div>\n      <\/div>\n      <\/div>\n<\/section>\n\n\n<section data-block_19f2a51f2122eb329139fd9b6f8ff988 class=\"section heading-with-rectangles aligncenter\">\n    <div class=\"heading-with-rectangles_wrapper wrapper relative\">\n      <img decoding=\"async\" class=\"absolute w-[5rem] md:w-auto left-[2rem] md:left-[6.4rem] top-0 z-1 -rotate-90 w-[13.5rem] md:w-[33.2rem] md:h-[33.2rem]\" src=\"https:\/\/tlc.eu\/app\/themes\/tlc\/public\/images\/bg-symbol--top-right.372c14.svg\" alt=\"TLC\" height=\"332px\" width=\"332px\" loading=\"lazy\">\n      <img decoding=\"async\" class=\"absolute w-[5rem] md:w-auto right-[2rem] md:right-[6.4rem] bottom-0 -z-1 rotate-90 w-[13.5rem] md:w-[33.2rem] md:h-[33.2rem]\" src=\"https:\/\/tlc.eu\/app\/themes\/tlc\/public\/images\/bg-symbol--top-right.372c14.svg\" alt=\"TLC\" height=\"332px\" width=\"332px\" loading=\"lazy\">\n      <div class=\"content-with-image__container flex justify-center py-[8rem] md:py-[17.1rem]\">\n        <h3 class=\"head h3-32 text-center max-w-[24.5rem] tablet:max-w-[61.8rem] w-full\">&#8220;Vi st\u00f6ttar v\u00e5r region, engagerar oss i lokalsamh\u00e4llet och prioriterar v\u00e5ra anst\u00e4lldas v\u00e4lbefinnande. Vi organiserar initiativ, ger st\u00f6d till andra och uppmuntrar till aktivt engagemang.&#8221;<\/h3>\n      <\/div>\n    <\/div>\n<\/section>\n\n\n<section data-block_e2833af872460a51a65f3747819a1fc2 class=\"section content-with-media aligncenter\">\n  <div class=\"wrapper\">\n              <div\n        class=\"content-with-media__container flex flex-col gap-[4.8rem] md:gap-[8rem] flex-col md:flex-row-reverse\">\n        <div class=\"content-with-media__content flex flex-col justify-center basis-1 md:basis-1\/2\">\n                      <h2 class=\"content-with-media__heading h3\">Vi \u00e4r sponsor av ASEREK \u2013 en modern fotbollsakademi i Gorlice.<\/h2>\n                                <div class=\"content-with-media__description content-simple text-text-primary copy2 mt-[2rem] md:mt-[4.8rem]\">\n              <p>Akademin tr\u00e4nar pojkar och flickor fr\u00e5n 4 \u00e5rs \u00e5lder. Barnen deltar i tr\u00e4ningar, turneringar, l\u00e4ger och andra fotbollsevenemang. Vi sponsrar \u00e4ven en simklubb f\u00f6r barn d\u00e4r unga inte bara b\u00f6rjar sitt sim\u00e4ventyr utan \u00e4ven ges m\u00f6jlighet att f\u00f6rb\u00e4ttra sina f\u00e4rdigheter under ledning av engagerade siml\u00e4rare. Klubbens medlemmar deltar i m\u00e5nga simt\u00e4vlingar och har framg\u00e5ngar b\u00e5de p\u00e5 den nationell och internationell niv\u00e5.<\/p>\n\n            <\/div>\n                  <\/div>\n        <div class=\"content-with-media__media basis-1 md:basis-1\/2\">\n                      <img decoding=\"async\" src=\"https:\/\/tlc.eu\/app\/uploads\/2024\/07\/39f91be78a32adcd5bf43eda9be9ca2ff3acf7df.jpg\" alt=\"TLC\" height=\"612px\" width=\"612px\"\n                 loading=\"lazy\" class=\"content-with-media__image h-[30rem] md:h-[61.2rem] w-full object-cover\">\n                  <\/div>\n      <\/div>\n      <\/div>\n<\/section>\n\n\n<section data-block_6e50bac1d0d71cb7bebf4960689eec05 class=\"section content-with-media aligncenter\">\n  <div class=\"wrapper\">\n              <div\n        class=\"content-with-media__container flex flex-col gap-[4.8rem] md:gap-[8rem] flex-col md:flex-row\">\n        <div class=\"content-with-media__content flex flex-col justify-center basis-1 md:basis-1\/2\">\n                      <h2 class=\"content-with-media__heading h3\">Vi syssels\u00e4tter \u00f6ver 400 personer och tillhandah\u00e5ller goda arbetsf\u00f6rh\u00e5llanden, respekt f\u00f6r arbetstagares r\u00e4ttigheter samt \u00f6msesidig f\u00f6rtroende och respekt.<\/h2>\n                                <div class=\"content-with-media__description content-simple text-text-primary copy2 mt-[2rem] md:mt-[4.8rem]\">\n              <p>Vi erbjuder utbildningsprogram som st\u00f6djer v\u00e5ra anst\u00e4lldas utveckling och anpassas till individuella f\u00e4rdigheter och karri\u00e4rplaner. Vi tillhandah\u00e5ller privata sjukv\u00e5rdstj\u00e4nster, gruppf\u00f6rs\u00e4kringar och st\u00f6d vid akuta h\u00e4lso- eller livssituationer. Unga m\u00e4nniskor ges m\u00f6jlighet att skaffa sig en v\u00e4rdefull yrkeserfarenhet och stabil anst\u00e4llning. F\u00f6r\u00e4ldrar erbjuds flexibla och hybrida arbetsm\u00f6jligheter anpassade till arbetsuppgifterna och befattningens krav. Vi s\u00f6ker st\u00e4ndigt specialister \u2013 b\u00e5de till produktions- och kontorsbefattningar \u2013 och v\u00e4lkomnar personer som kan tillf\u00f6ra v\u00e4rde och energi till v\u00e5rt team.<\/p>\n\n            <\/div>\n                  <\/div>\n        <div class=\"content-with-media__media basis-1 md:basis-1\/2\">\n                      <video class=\"content-with-media__video h-[30rem] md:h-[61.2rem] w-full object-cover\" loop=\"true\" playsinline\n                   autoplay=\"autoplay\" muted height=\"612px\" width=\"612px\" loading=\"lazy\">\n              <source src=\"https:\/\/tlc.eu\/app\/uploads\/2025\/09\/tlc-sustainable-responsibility-en-web-video-2.mp4\" type=\"video\/mp4\">\n              Your browser does not support the video tag.\n            <\/video>\n                  <\/div>\n      <\/div>\n      <\/div>\n<\/section>\n\n\n<section data-block_2ba0fde2b818615d2e411e0eaeb4cd86 class=\"section content-with-media aligncenter\">\n  <div class=\"wrapper\">\n              <div\n        class=\"content-with-media__container flex flex-col gap-[4.8rem] md:gap-[8rem] flex-col md:flex-row-reverse\">\n        <div class=\"content-with-media__content flex flex-col justify-center basis-1 md:basis-1\/2\">\n                      <h2 class=\"content-with-media__heading h3\">Vi fr\u00e4mjar j\u00e4mst\u00e4lldhet genom att s\u00e4kerst\u00e4lla lika l\u00f6n och utvecklingsm\u00f6jligheter f\u00f6r alla.<\/h2>\n                                <div class=\"content-with-media__description content-simple text-text-primary copy2 mt-[2rem] md:mt-[4.8rem]\">\n              <p>Alla inom v\u00e5r organisation har lika r\u00e4ttigheter och samma m\u00f6jligheter till utveckling. Vi s\u00e4kerst\u00e4ller lika l\u00f6n oavsett k\u00f6n och skapar en inkluderande arbetsmilj\u00f6. Vi samlar m\u00e4nniskor fr\u00e5n hela v\u00e4rlden \u2013 v\u00e5rt internationella team g\u00f6r det l\u00e4ttare att skapa f\u00f6rst\u00e5else och n\u00e4rhet mellan personer med olika bakgrund<\/p>\n\n            <\/div>\n                  <\/div>\n        <div class=\"content-with-media__media basis-1 md:basis-1\/2\">\n                      <img decoding=\"async\" src=\"https:\/\/tlc.eu\/app\/uploads\/2024\/07\/037624dac4b89098f6d999dd0d51227de8687381.jpg\" alt=\"TLC\" height=\"612px\" width=\"612px\"\n                 loading=\"lazy\" class=\"content-with-media__image h-[30rem] md:h-[61.2rem] w-full object-cover\">\n                  <\/div>\n      <\/div>\n      <\/div>\n<\/section>\n\n\n<section data-block_e84b61f3cd8d9ec479a0958a35e83de9 class=\"section content-with-media aligncenter\">\n  <div class=\"wrapper\">\n              <div\n        class=\"content-with-media__container flex flex-col gap-[4.8rem] md:gap-[8rem] flex-col md:flex-row\">\n        <div class=\"content-with-media__content flex flex-col justify-center basis-1 md:basis-1\/2\">\n                      <h2 class=\"content-with-media__heading h3\">Vi fr\u00e4mjar fysisk aktivitet och prioriterar milj\u00f6v\u00e4nliga transportalternativ.<\/h2>\n                                <div class=\"content-with-media__description content-simple text-text-primary copy2 mt-[2rem] md:mt-[4.8rem]\">\n              <p>Vi uppmuntrar v\u00e5ra anst\u00e4llda till fysisk aktivitet genom att skapa en milj\u00f6 som fr\u00e4mjar en h\u00e4lsosam livsstil.<br \/>\nVi prioriterar h\u00e5llbara transportl\u00f6sningar och har skapat en dedikerad cykelparkering vid v\u00e5r produktionsanl\u00e4ggning d\u00e4r anst\u00e4llda kan parkera sina cyklar p\u00e5 ett s\u00e4kert s\u00e4tt. V\u00e5r fordonsflotta best\u00e5r av el- och hybridbilar vilket g\u00f6r att vi minskar utsl\u00e4ppen och d\u00e4rmed skyddar milj\u00f6n.<\/p>\n\n            <\/div>\n                  <\/div>\n        <div class=\"content-with-media__media basis-1 md:basis-1\/2\">\n                      <video class=\"content-with-media__video h-[30rem] md:h-[61.2rem] w-full object-cover\" loop=\"true\" playsinline\n                   autoplay=\"autoplay\" muted height=\"612px\" width=\"612px\" loading=\"lazy\">\n              <source src=\"https:\/\/tlc.eu\/app\/uploads\/2025\/09\/tlc-sustainable-responsibility-en-web-video-3.mp4\" type=\"video\/mp4\">\n              Your browser does not support the video tag.\n            <\/video>\n                  <\/div>\n      <\/div>\n      <\/div>\n<\/section>\n\n\n<section data-block_508529920012383d8a341c54dbd01146 class=\"section content-with-media aligncenter\">\n  <div class=\"wrapper\">\n              <div\n        class=\"content-with-media__container flex flex-col gap-[4.8rem] md:gap-[8rem] flex-col md:flex-row-reverse\">\n        <div class=\"content-with-media__content flex flex-col justify-center basis-1 md:basis-1\/2\">\n                      <h2 class=\"content-with-media__heading h3\">Vi sorterar avfall i f\u00f6retagets alla verksamheter, inklusive  maskinparken, kontorslokalerna, k\u00f6ket och personalutrymmen.<\/h2>\n                                <div class=\"content-with-media__description content-simple text-text-primary copy2 mt-[2rem] md:mt-[4.8rem]\">\n              <p>V\u00e5ra cafeterior \u00e4r utrustade med \u00e5teranv\u00e4ndbara tallrikar och bestick. F\u00f6r att minska m\u00e4ngden plastavfall har vi installerat tappvattenfilter f\u00f6r att s\u00e4kerst\u00e4lla rent kranvatten och placerat ut vattenautomater f\u00f6r v\u00e5ra anst\u00e4llda. Vi prioriterar en effektiv vattenhantering \u00f6ver hela produktionsanl\u00e4ggningen och \u00f6vervakar noggrant detaljer s\u00e5som t\u00e4tningar i kranar med ett snabbt \u00e5tg\u00e4rdande av eventuella fel i sanitetssystem.<\/p>\n\n            <\/div>\n                  <\/div>\n        <div class=\"content-with-media__media basis-1 md:basis-1\/2\">\n                      <video class=\"content-with-media__video h-[30rem] md:h-[61.2rem] w-full object-cover\" loop=\"true\" playsinline\n                   autoplay=\"autoplay\" muted height=\"612px\" width=\"612px\" loading=\"lazy\">\n              <source src=\"https:\/\/tlc.eu\/app\/uploads\/2025\/09\/tlc-sustainable-responsibility-en-web-video-4.mp4\" type=\"video\/mp4\">\n              Your browser does not support the video tag.\n            <\/video>\n                  <\/div>\n      <\/div>\n      <\/div>\n<\/section>\n\n\n<section data-block_b3f38975b1ec04947f6cac2dc0308369 class=\"section posts-listing aligncenter\">\n  <div class=\"posts-listing__wrapper wrapper\">\n          <h2 class=\"posts-listing__heading h2 mb-[4.8rem] md:mb-[8rem]\">L\u00e4s mer om v\u00e5ra milj\u00f6initiativ och v\u00e4lg\u00f6renhetsaktiviteter.<\/h2>\n        <div class=\"posts-listing__container flex flex-col md:flex-row gap-[4.8rem] md:gap-[3.2rem]\">\n                                                  <div class=\"archive-item flex flex-col justify-between relative w-full\">\n        <div class=\"archive-item__content\">\n                            <a href=\"https:\/\/tlc.eu\/sv\/globalt-epd-program-miljovarudeklarationer-for-tlc-produkter\/\" class=\"absolute top-0 left-0 h-full w-full z-20\" aria-label=\"TLC\"><\/a>\n                <div class=\"archive-item__image-container relative overflow-hidden h-[30rem]\">\n                    <img decoding=\"async\" src=\"https:\/\/tlc.eu\/app\/uploads\/2025\/02\/TLC-EPD-blog-1-1024x787.jpg\" alt=\"TLC\"\n                         loading=\"lazy\" width=\"624px\" height=\"320px\"\n                         srcset=\"https:\/\/tlc.eu\/app\/uploads\/2025\/02\/TLC-EPD-blog-1-1024x787.jpg 1024w, https:\/\/tlc.eu\/app\/uploads\/2025\/02\/TLC-EPD-blog-1-300x231.jpg 300w, https:\/\/tlc.eu\/app\/uploads\/2025\/02\/TLC-EPD-blog-1-768x591.jpg 768w, https:\/\/tlc.eu\/app\/uploads\/2025\/02\/TLC-EPD-blog-1.jpg 1203w\"\n                         class=\"archive-item__image w-full object-cover h-[30rem] -translate-x-1\/2 -translate-y-1\/2 absolute top-1\/2 left-1\/2 h-[30rem]\">\n                <\/div>\n                        <div class=\"entry-meta flex copy3 relative z-50 items-center mt-[2.8rem] gap-[1.6rem]\">\n                                    <div class=\"categories__container max-w-full w-auto flex flex-wrap gap-[1.4rem] items-center\">\n                                                    <div class=\"entry-meta__categories bg-[#eee] py-[.4rem] hover:bg-black hover:text-white\">\n                                                                    <a href=\"\/category\/hallbart-ansvar\"\n                                       class=\"px-[.8rem]\">H\u00e5llbart ansvar<\/a>\n                                                            <\/div>\n                                                <time class=\"entry-meta__date\" datetime=\"2025-02-03T11:06:52+00:00\">\n                            03 februari 2025\n                        <\/time>\n                    <\/div>\n                            <\/div>\n            <h2 class=\"text-[3.2rem] mt-[1.6rem] blockquote-copy\"><br>Globalt EPD-program \u2013 Milj\u00f6varudeklarationer f\u00f6r TLC-produkter<\/h2>\n                            <div class=\"copy2 mt-[1.2rem]\">\n                    Som ett led i v\u00e5rt engagemang f\u00f6r h\u00e5llbarhet, f\u00f6retagens samh\u00e4llsansvar (CSR) och milj\u00f6ansvar har TLC Sp. z o.o. tagit fram milj\u00f6varudeklarationer (EPD) f\u00f6r ett brett urval av produkter. Deklarationerna \u00f6verensst\u00e4mmer med &#8220;The International EPD System&#8221; och uppfyller kraven i ISO 14025 och EN 15804 vilket s\u00e4kerst\u00e4ller tillf\u00f6rlitlighet och transparens i bed\u00f6mningen av produkternas milj\u00f6p\u00e5verkan.\n                <\/div>\n                    <\/div>\n\n        <a href=\"https:\/\/tlc.eu\/sv\/globalt-epd-program-miljovarudeklarationer-for-tlc-produkter\/\"\n           class=\"button button__read-more mt-[4.8rem] flex gap-[.8rem] items-center\">L\u00e4s mer <i\n                    class=\"tlc-icon-angle\"><\/i><\/a>\n    <\/div>\n                          <div class=\"archive-item flex flex-col justify-between relative w-full\">\n        <div class=\"archive-item__content\">\n                            <a href=\"https:\/\/tlc.eu\/sv\/vart-hallbara-ansvar-framgang-med-iso-certifieringen\/\" class=\"absolute top-0 left-0 h-full w-full z-20\" aria-label=\"TLC\"><\/a>\n                <div class=\"archive-item__image-container relative overflow-hidden h-[30rem]\">\n                    <img decoding=\"async\" src=\"https:\/\/tlc.eu\/app\/uploads\/2024\/09\/ISO-BANER-1024x341.jpg\" alt=\"TLC\"\n                         loading=\"lazy\" width=\"624px\" height=\"320px\"\n                         srcset=\"https:\/\/tlc.eu\/app\/uploads\/2024\/09\/ISO-BANER-1024x341.jpg 1024w, https:\/\/tlc.eu\/app\/uploads\/2024\/09\/ISO-BANER-300x100.jpg 300w, https:\/\/tlc.eu\/app\/uploads\/2024\/09\/ISO-BANER-768x256.jpg 768w, https:\/\/tlc.eu\/app\/uploads\/2024\/09\/ISO-BANER.jpg 1140w\"\n                         class=\"archive-item__image w-full object-cover h-[30rem] -translate-x-1\/2 -translate-y-1\/2 absolute top-1\/2 left-1\/2 h-[30rem]\">\n                <\/div>\n                        <div class=\"entry-meta flex copy3 relative z-50 items-center mt-[2.8rem] gap-[1.6rem]\">\n                                    <div class=\"categories__container max-w-full w-auto flex flex-wrap gap-[1.4rem] items-center\">\n                                                    <div class=\"entry-meta__categories bg-[#eee] py-[.4rem] hover:bg-black hover:text-white\">\n                                                                    <a href=\"\/category\/hallbart-ansvar\"\n                                       class=\"px-[.8rem]\">H\u00e5llbart ansvar<\/a>\n                                                            <\/div>\n                                                <time class=\"entry-meta__date\" datetime=\"2021-03-30T08:55:24+00:00\">\n                            30 mars 2021\n                        <\/time>\n                    <\/div>\n                            <\/div>\n            <h2 class=\"text-[3.2rem] mt-[1.6rem] blockquote-copy\">V\u00e5rt h\u00e5llbara ansvar: Framg\u00e5ng med ISO-certifieringen<\/h2>\n                            <div class=\"copy2 mt-[1.2rem]\">\n                    I januari 2021 genomf\u00f6rdes en tv\u00e5stegs certifieringsrevision vid TLC:s huvudkontor i Gorlice, Polen. Syftet var att bekr\u00e4fta att v\u00e5ra insatser \u00e4r tillfredst\u00e4llande f\u00f6r att erh\u00e5lla det integrerade ledningssystemet enligt ISO 9001:2015 \/ ISO 14001:2015 \/ ISO 45001:2018.\n                <\/div>\n                    <\/div>\n\n        <a href=\"https:\/\/tlc.eu\/sv\/vart-hallbara-ansvar-framgang-med-iso-certifieringen\/\"\n           class=\"button button__read-more mt-[4.8rem] flex gap-[.8rem] items-center\">L\u00e4s mer <i\n                    class=\"tlc-icon-angle\"><\/i><\/a>\n    <\/div>\n                              <\/div>\n  <\/div>\n<\/section>\n\n\n\n<p><\/p>\n","protected":false},"excerpt":{"rendered":"","protected":false},"author":4,"featured_media":0,"parent":0,"menu_order":0,"comment_status":"closed","ping_status":"closed","template":"","meta":{"_acf_changed":false,"inline_featured_image":false,"footnotes":""},"class_list":["post-28901","page","type-page","status-publish","hentry"],"acf":[],"yoast_head":"<!-- This site is optimized with the Yoast SEO plugin v23.8 - https:\/\/yoast.com\/wordpress\/plugins\/seo\/ -->\n<title>H\u00e5llbart ansvar - TLC<\/title>\n<meta name=\"robots\" content=\"index, follow, max-snippet:-1, max-image-preview:large, max-video-preview:-1\" \/>\n<link rel=\"canonical\" href=\"https:\/\/tlc.eu\/sv\/hallbart-ansvar\/\" \/>\n<meta property=\"og:locale\" content=\"sv_SE\" \/>\n<meta property=\"og:type\" content=\"article\" \/>\n<meta property=\"og:title\" content=\"H\u00e5llbart ansvar - TLC\" \/>\n<meta property=\"og:url\" content=\"https:\/\/tlc.eu\/sv\/hallbart-ansvar\/\" \/>\n<meta property=\"og:site_name\" content=\"TLC\" \/>\n<meta property=\"article:modified_time\" content=\"2026-03-16T13:08:07+00:00\" \/>\n<meta name=\"twitter:card\" content=\"summary_large_image\" \/>\n<script type=\"application\/ld+json\" class=\"yoast-schema-graph\">{\"@context\":\"https:\/\/schema.org\",\"@graph\":[{\"@type\":\"WebPage\",\"@id\":\"https:\/\/tlc.eu\/sv\/hallbart-ansvar\/\",\"url\":\"https:\/\/tlc.eu\/sv\/hallbart-ansvar\/\",\"name\":\"H\u00e5llbart ansvar - TLC\",\"isPartOf\":{\"@id\":\"https:\/\/tlc.eu\/sv\/#website\"},\"datePublished\":\"2024-07-24T14:43:45+00:00\",\"dateModified\":\"2026-03-16T13:08:07+00:00\",\"breadcrumb\":{\"@id\":\"https:\/\/tlc.eu\/sv\/hallbart-ansvar\/#breadcrumb\"},\"inLanguage\":\"sv-SE\",\"potentialAction\":[{\"@type\":\"ReadAction\",\"target\":[\"https:\/\/tlc.eu\/sv\/hallbart-ansvar\/\"]}]},{\"@type\":\"BreadcrumbList\",\"@id\":\"https:\/\/tlc.eu\/sv\/hallbart-ansvar\/#breadcrumb\",\"itemListElement\":[{\"@type\":\"ListItem\",\"position\":1,\"name\":\"Home\",\"item\":\"https:\/\/tlc.eu\/sv\/\"},{\"@type\":\"ListItem\",\"position\":2,\"name\":\"H\u00e5llbart ansvar\"}]},{\"@type\":\"WebSite\",\"@id\":\"https:\/\/tlc.eu\/sv\/#website\",\"url\":\"https:\/\/tlc.eu\/sv\/\",\"name\":\"TLC EU Steel Equipment | Design & Production\",\"description\":\"\",\"alternateName\":\"TLC\",\"potentialAction\":[{\"@type\":\"SearchAction\",\"target\":{\"@type\":\"EntryPoint\",\"urlTemplate\":\"https:\/\/tlc.eu\/sv\/?s={search_term_string}\"},\"query-input\":{\"@type\":\"PropertyValueSpecification\",\"valueRequired\":true,\"valueName\":\"search_term_string\"}}],\"inLanguage\":\"sv-SE\"}]}<\/script>\n<!-- \/ Yoast SEO plugin. -->","yoast_head_json":{"title":"H\u00e5llbart ansvar - TLC","robots":{"index":"index","follow":"follow","max-snippet":"max-snippet:-1","max-image-preview":"max-image-preview:large","max-video-preview":"max-video-preview:-1"},"canonical":"https:\/\/tlc.eu\/sv\/hallbart-ansvar\/","og_locale":"sv_SE","og_type":"article","og_title":"H\u00e5llbart ansvar - TLC","og_url":"https:\/\/tlc.eu\/sv\/hallbart-ansvar\/","og_site_name":"TLC","article_modified_time":"2026-03-16T13:08:07+00:00","twitter_card":"summary_large_image","schema":{"@context":"https:\/\/schema.org","@graph":[{"@type":"WebPage","@id":"https:\/\/tlc.eu\/sv\/hallbart-ansvar\/","url":"https:\/\/tlc.eu\/sv\/hallbart-ansvar\/","name":"H\u00e5llbart ansvar - TLC","isPartOf":{"@id":"https:\/\/tlc.eu\/sv\/#website"},"datePublished":"2024-07-24T14:43:45+00:00","dateModified":"2026-03-16T13:08:07+00:00","breadcrumb":{"@id":"https:\/\/tlc.eu\/sv\/hallbart-ansvar\/#breadcrumb"},"inLanguage":"sv-SE","potentialAction":[{"@type":"ReadAction","target":["https:\/\/tlc.eu\/sv\/hallbart-ansvar\/"]}]},{"@type":"BreadcrumbList","@id":"https:\/\/tlc.eu\/sv\/hallbart-ansvar\/#breadcrumb","itemListElement":[{"@type":"ListItem","position":1,"name":"Home","item":"https:\/\/tlc.eu\/sv\/"},{"@type":"ListItem","position":2,"name":"H\u00e5llbart ansvar"}]},{"@type":"WebSite","@id":"https:\/\/tlc.eu\/sv\/#website","url":"https:\/\/tlc.eu\/sv\/","name":"TLC EU Steel Equipment | Design & Production","description":"","alternateName":"TLC","potentialAction":[{"@type":"SearchAction","target":{"@type":"EntryPoint","urlTemplate":"https:\/\/tlc.eu\/sv\/?s={search_term_string}"},"query-input":{"@type":"PropertyValueSpecification","valueRequired":true,"valueName":"search_term_string"}}],"inLanguage":"sv-SE"}]}},"_links":{"self":[{"href":"https:\/\/tlc.eu\/sv\/wp-json\/wp\/v2\/pages\/28901","targetHints":{"allow":["GET"]}}],"collection":[{"href":"https:\/\/tlc.eu\/sv\/wp-json\/wp\/v2\/pages"}],"about":[{"href":"https:\/\/tlc.eu\/sv\/wp-json\/wp\/v2\/types\/page"}],"author":[{"embeddable":true,"href":"https:\/\/tlc.eu\/sv\/wp-json\/wp\/v2\/users\/4"}],"replies":[{"embeddable":true,"href":"https:\/\/tlc.eu\/sv\/wp-json\/wp\/v2\/comments?post=28901"}],"version-history":[{"count":2,"href":"https:\/\/tlc.eu\/sv\/wp-json\/wp\/v2\/pages\/28901\/revisions"}],"predecessor-version":[{"id":28904,"href":"https:\/\/tlc.eu\/sv\/wp-json\/wp\/v2\/pages\/28901\/revisions\/28904"}],"wp:attachment":[{"href":"https:\/\/tlc.eu\/sv\/wp-json\/wp\/v2\/media?parent=28901"}],"curies":[{"name":"wp","href":"https:\/\/api.w.org\/{rel}","templated":true}]}}